{"id":6965,"date":"2023-02-10T08:48:10","date_gmt":"2023-02-10T08:48:10","guid":{"rendered":"https:\/\/kicevo.gov.mk\/?page_id=6965"},"modified":"2026-01-09T07:48:48","modified_gmt":"2026-01-09T07:48:48","slug":"zashtiteno-vnatreshno-prijavuvanje","status":"publish","type":"page","link":"https:\/\/kicevo.gov.mk\/sq\/zashtiteno-vnatreshno-prijavuvanje\/","title":{"rendered":"Paraqitje e brendshme e mbrojtur"},"content":{"rendered":"\n<p><a href=\"https:\/\/kicevo.gov.mk\/sq\/%d0%b7%d0%b0%d1%88%d1%82%d0%b8%d1%82%d0%b5%d0%bd%d0%be-%d0%b2%d0%bd%d0%b0%d1%82%d1%80%d0%b5%d1%88%d0%bd%d0%be-%d0%bf%d1%80%d0%b8%d1%98%d0%b0%d0%b2%d1%83%d0%b2%d0%b0%d1%9a%d0%b5\/\" target=\"_blank\" rel=\"noreferrer noopener\">Person i autorizuar p\u00ebr paraqitje t\u00eb brendshme t\u00eb mbrojtur<\/a><\/p>\n\n\n\n<p>\n<span><b>Darko Belevski<\/b><\/span><br>\n    <i class=\"fa fa-envelope fa-objects-align-center-vertical\"><\/i>\n    <span>\n      <span><a href=\"mailto:darkobelevski@yahoo.com\">darkobelevski@yahoo.com<\/a><\/span> <br>\n       <i class=\"fa fa-phone\" aria-hidden=\"true\"><\/i>\n       <span>075\/212-526<\/span>\n    <\/span>\n  <\/p>\n\n\n\n<p>\r\n<span><b>Komuna e K\u00ebr\u00e7ov\u00ebs<\/b><\/span><br><span>  \r\n       <i class=\"fa fa-location-dot\" aria-hidden=\"true\"><\/i>\r\n       <span>Boris Kidri\u00e7 nr.2<br>\r\n             6250 K\u00ebr\u00e7ov\u00eb, Maqedoni\u0430 \u0435 Veriut<\/span>\r\n    <\/span>\r\n  <\/p>\n\n\n\n<div style=\"height:30px\" aria-hidden=\"true\" class=\"wp-block-spacer\"><\/div>\n\n\n\n<div class=\"wp-block-file\"><a id=\"wp-block-file--media-8094f85a-3561-443d-ad4f-58b2b044fad1\" href=\"https:\/\/kicevo.gov.mk\/wp-content\/uploads\/2025\/04\/upastvo-za-priem-na-prijavi-od-ukazuvaci-udhezim-per-pranimin-e-ankesave-nga-denoncuesit.pdf\" target=\"_blank\" rel=\"noreferrer noopener\">Udh\u00ebzim p\u00ebr pranimin e ankesave nga denoncuesit<\/a><a href=\"https:\/\/kicevo.gov.mk\/wp-content\/uploads\/2025\/04\/upastvo-za-priem-na-prijavi-od-ukazuvaci-udhezim-per-pranimin-e-ankesave-nga-denoncuesit.pdf\" class=\"wp-block-file__button wp-element-button\" download aria-describedby=\"wp-block-file--media-8094f85a-3561-443d-ad4f-58b2b044fad1\">Shkarko<\/a><\/div>\n\n\n\n<div class=\"wp-block-file\"><a id=\"wp-block-file--media-c90da1db-4b5c-4721-a34e-470ff5908f25\" href=\"https:\/\/kicevo.gov.mk\/wp-content\/uploads\/2023\/02\/Zakon_za_zastita_na_ukazuvaci.pdf\" target=\"_blank\" rel=\"noreferrer noopener\">Ligji p\u00ebr mbrojtjen e sinjalizuesve<\/a><a href=\"https:\/\/kicevo.gov.mk\/wp-content\/uploads\/2023\/02\/Zakon_za_zastita_na_ukazuvaci.pdf\" class=\"wp-block-file__button wp-element-button\" download aria-describedby=\"wp-block-file--media-c90da1db-4b5c-4721-a34e-470ff5908f25\">Shkarko<\/a><\/div>\n\n\n\n<div class=\"wp-block-file\"><a id=\"wp-block-file--media-c90da1db-4b5c-4721-a34e-470ff5908f25\" href=\"https:\/\/kicevo.gov.mk\/wp-content\/uploads\/2023\/05\/Pravilnik_za_zastiteno_vnatresno_prijavuvanje.pdf\" target=\"_blank\" rel=\"noreferrer noopener\">Rregullore p\u00ebr paraqitje e brendshme e mbrojtur<\/a><a href=\"https:\/\/kicevo.gov.mk\/wp-content\/uploads\/2023\/05\/Pravilnik_za_zastiteno_vnatresno_prijavuvanje.pdf\" class=\"wp-block-file__button wp-element-button\" download aria-describedby=\"wp-block-file--media-c90da1db-4b5c-4721-a34e-470ff5908f25\">Shkarko<\/a><\/div>\n\n\n\n<div class=\"wp-block-file\"><a id=\"wp-block-file--media-bebde171-5050-4cb1-bbf6-5a8f0964488b\" href=\"https:\/\/kicevo.gov.mk\/wp-content\/uploads\/2025\/04\/\u041f\u0440\u0430\u0432\u0438\u043b\u043d\u0438\u043a-\u0437\u0430-\u0437\u0430\u0448\u0442\u0438\u0442\u0435\u043d\u043e-\u043d\u0430\u0434\u0432\u043e\u0440\u0435\u0448\u043d\u043e-\u043f\u0440\u0438\u0458\u0430\u0432\u0443\u0432\u0430\u045a\u0435.pdf\" target=\"_blank\" rel=\"noreferrer noopener\">Rregullore p\u00ebr paraqitje t\u00eb mbrojtur t\u00eb jashtme<\/a><a href=\"https:\/\/kicevo.gov.mk\/wp-content\/uploads\/2025\/04\/\u041f\u0440\u0430\u0432\u0438\u043b\u043d\u0438\u043a-\u0437\u0430-\u0437\u0430\u0448\u0442\u0438\u0442\u0435\u043d\u043e-\u043d\u0430\u0434\u0432\u043e\u0440\u0435\u0448\u043d\u043e-\u043f\u0440\u0438\u0458\u0430\u0432\u0443\u0432\u0430\u045a\u0435.pdf\" class=\"wp-block-file__button wp-element-button\" download aria-describedby=\"wp-block-file--media-bebde171-5050-4cb1-bbf6-5a8f0964488b\">Shkarko<\/a><\/div>\n","protected":false},"excerpt":{"rendered":"<p>Person i autorizuar p\u00ebr paraqitje t\u00eb brendshme t\u00eb mbrojtur Darko Belevski darkobelevski@yahoo.com 075\/212-526 Komuna e K\u00ebr\u00e7ov\u00ebs Boris Kidri\u00e7 nr.2 6250 K\u00ebr\u00e7ov\u00eb, Maqedoni\u0430 \u0435 Veriut<\/p>\n","protected":false},"author":3,"featured_media":0,"parent":0,"menu_order":0,"comment_status":"closed","ping_status":"closed","template":"page-templates\/sidebar-right.php","meta":{"_uag_custom_page_level_css":"","_vp_format_video_url":"","_vp_image_focal_point":[],"footnotes":""},"class_list":["post-6965","page","type-page","status-publish","hentry"],"translation":{"provider":"WPGlobus","version":"3.0.2","language":"sq","enabled_languages":["mk","sq"],"languages":{"mk":{"title":true,"content":true,"excerpt":false},"sq":{"title":true,"content":true,"excerpt":false}}},"yoast_head":"<!-- This site is optimized with the Yoast SEO plugin v27.5 - https:\/\/yoast.com\/product\/yoast-seo-wordpress\/ -->\n<title>Paraqitje e brendshme e mbrojtur | Komuna e K\u00ebr\u00e7ov\u00ebs<\/title>\n<meta name=\"robots\" content=\"index, follow, max-snippet:-1, max-image-preview:large, max-video-preview:-1\" \/>\n<link rel=\"canonical\" href=\"https:\/\/kicevo.gov.mk\/zashtiteno-vnatreshno-prijavuvanje\/\" \/>\n<meta property=\"og:locale\" content=\"sq_AL\" \/>\n<meta property=\"og:type\" content=\"article\" \/>\n<meta property=\"og:title\" content=\"Paraqitje e brendshme e mbrojtur | Komuna e K\u00ebr\u00e7ov\u00ebs\" \/>\n<meta property=\"og:url\" content=\"https:\/\/kicevo.gov.mk\/zashtiteno-vnatreshno-prijavuvanje\/\" \/>\n<meta property=\"og:site_name\" content=\"Komuna e K\u00ebr\u00e7ov\u00ebs\" \/>\n<meta property=\"article:modified_time\" content=\"2026-01-09T07:48:48+00:00\" \/>\n<meta name=\"twitter:card\" content=\"summary_large_image\" \/>\n<script type=\"application\/ld+json\" class=\"yoast-schema-graph\">{\"@context\":\"https:\\\/\\\/schema.org\",\"@graph\":[{\"@type\":\"WebPage\",\"@id\":\"https:\\\/\\\/kicevo.gov.mk\\\/zashtiteno-vnatreshno-prijavuvanje\\\/\",\"url\":\"https:\\\/\\\/kicevo.gov.mk\\\/zashtiteno-vnatreshno-prijavuvanje\\\/\",\"name\":\"Paraqitje e brendshme e mbrojtur | Komuna e K\u00ebr\u00e7ov\u00ebs\",\"isPartOf\":{\"@id\":\"https:\\\/\\\/kicevo.gov.mk\\\/#website\"},\"datePublished\":\"2023-02-10T08:48:10+00:00\",\"dateModified\":\"2026-01-09T07:48:48+00:00\",\"breadcrumb\":{\"@id\":\"https:\\\/\\\/kicevo.gov.mk\\\/zashtiteno-vnatreshno-prijavuvanje\\\/#breadcrumb\"},\"inLanguage\":\"sq\",\"potentialAction\":[{\"@type\":\"ReadAction\",\"target\":[\"https:\\\/\\\/kicevo.gov.mk\\\/zashtiteno-vnatreshno-prijavuvanje\\\/\"]}]},{\"@type\":\"BreadcrumbList\",\"@id\":\"https:\\\/\\\/kicevo.gov.mk\\\/zashtiteno-vnatreshno-prijavuvanje\\\/#breadcrumb\",\"itemListElement\":[{\"@type\":\"ListItem\",\"position\":1,\"name\":\"\u041f\u043e\u0447\u0435\u0442\u043d\u0430\",\"item\":\"https:\\\/\\\/kicevo.gov.mk\\\/\"},{\"@type\":\"ListItem\",\"position\":2,\"name\":\"\u0417\u0430\u0448\u0442\u0438\u0442\u0435\u043d\u043e \u0432\u043d\u0430\u0442\u0440\u0435\u0448\u043d\u043e \u043f\u0440\u0438\u0458\u0430\u0432\u0443\u0432\u0430\u045a\u0435\"}]},{\"@type\":\"WebSite\",\"@id\":\"https:\\\/\\\/kicevo.gov.mk\\\/#website\",\"url\":\"https:\\\/\\\/kicevo.gov.mk\\\/\",\"name\":\"\u041e\u043f\u0448\u0442\u0438\u043d\u0430 \u041a\u0438\u0447\u0435\u0432\u043e\",\"description\":\"Mir\u00eb se erdh\u00ebt n\u00eb ueb faqen zyrtare t\u00eb Komun\u00ebs s\u00eb K\u00ebr\u00e7ov\u00ebs\",\"publisher\":{\"@id\":\"https:\\\/\\\/kicevo.gov.mk\\\/#organization\"},\"potentialAction\":[{\"@type\":\"SearchAction\",\"target\":{\"@type\":\"EntryPoint\",\"urlTemplate\":\"https:\\\/\\\/kicevo.gov.mk\\\/?s={search_term_string}\"},\"query-input\":{\"@type\":\"PropertyValueSpecification\",\"valueRequired\":true,\"valueName\":\"search_term_string\"}}],\"inLanguage\":\"sq\"},{\"@type\":\"Organization\",\"@id\":\"https:\\\/\\\/kicevo.gov.mk\\\/#organization\",\"name\":\"Opstina Kicevo\",\"url\":\"https:\\\/\\\/kicevo.gov.mk\\\/\",\"logo\":{\"@type\":\"ImageObject\",\"inLanguage\":\"sq\",\"@id\":\"https:\\\/\\\/kicevo.gov.mk\\\/#\\\/schema\\\/logo\\\/image\\\/\",\"url\":\"https:\\\/\\\/kicevo.gov.mk\\\/wp-content\\\/uploads\\\/2025\\\/11\\\/logo-alb.png\",\"contentUrl\":\"https:\\\/\\\/kicevo.gov.mk\\\/wp-content\\\/uploads\\\/2025\\\/11\\\/logo-alb.png\",\"width\":1200,\"height\":1592,\"caption\":\"Opstina Kicevo\"},\"image\":{\"@id\":\"https:\\\/\\\/kicevo.gov.mk\\\/#\\\/schema\\\/logo\\\/image\\\/\"}}]}<\/script>\n<!-- \/ Yoast SEO plugin. -->","yoast_head_json":{"title":"Paraqitje e brendshme e mbrojtur | Komuna e K\u00ebr\u00e7ov\u00ebs","robots":{"index":"index","follow":"follow","max-snippet":"max-snippet:-1","max-image-preview":"max-image-preview:large","max-video-preview":"max-video-preview:-1"},"canonical":"https:\/\/kicevo.gov.mk\/zashtiteno-vnatreshno-prijavuvanje\/","og_locale":"sq_AL","og_type":"article","og_title":"Paraqitje e brendshme e mbrojtur | Komuna e K\u00ebr\u00e7ov\u00ebs","og_url":"https:\/\/kicevo.gov.mk\/zashtiteno-vnatreshno-prijavuvanje\/","og_site_name":"Komuna e K\u00ebr\u00e7ov\u00ebs","article_modified_time":"2026-01-09T07:48:48+00:00","twitter_card":"summary_large_image","schema":{"@context":"https:\/\/schema.org","@graph":[{"@type":"WebPage","@id":"https:\/\/kicevo.gov.mk\/zashtiteno-vnatreshno-prijavuvanje\/","url":"https:\/\/kicevo.gov.mk\/zashtiteno-vnatreshno-prijavuvanje\/","name":"Paraqitje e brendshme e mbrojtur | Komuna e K\u00ebr\u00e7ov\u00ebs","isPartOf":{"@id":"https:\/\/kicevo.gov.mk\/#website"},"datePublished":"2023-02-10T08:48:10+00:00","dateModified":"2026-01-09T07:48:48+00:00","breadcrumb":{"@id":"https:\/\/kicevo.gov.mk\/zashtiteno-vnatreshno-prijavuvanje\/#breadcrumb"},"inLanguage":"sq","potentialAction":[{"@type":"ReadAction","target":["https:\/\/kicevo.gov.mk\/zashtiteno-vnatreshno-prijavuvanje\/"]}]},{"@type":"BreadcrumbList","@id":"https:\/\/kicevo.gov.mk\/zashtiteno-vnatreshno-prijavuvanje\/#breadcrumb","itemListElement":[{"@type":"ListItem","position":1,"name":"\u041f\u043e\u0447\u0435\u0442\u043d\u0430","item":"https:\/\/kicevo.gov.mk\/"},{"@type":"ListItem","position":2,"name":"\u0417\u0430\u0448\u0442\u0438\u0442\u0435\u043d\u043e \u0432\u043d\u0430\u0442\u0440\u0435\u0448\u043d\u043e \u043f\u0440\u0438\u0458\u0430\u0432\u0443\u0432\u0430\u045a\u0435"}]},{"@type":"WebSite","@id":"https:\/\/kicevo.gov.mk\/#website","url":"https:\/\/kicevo.gov.mk\/","name":"\u041e\u043f\u0448\u0442\u0438\u043d\u0430 \u041a\u0438\u0447\u0435\u0432\u043e","description":"Mir\u00eb se erdh\u00ebt n\u00eb ueb faqen zyrtare t\u00eb Komun\u00ebs s\u00eb K\u00ebr\u00e7ov\u00ebs","publisher":{"@id":"https:\/\/kicevo.gov.mk\/#organization"},"potentialAction":[{"@type":"SearchAction","target":{"@type":"EntryPoint","urlTemplate":"https:\/\/kicevo.gov.mk\/?s={search_term_string}"},"query-input":{"@type":"PropertyValueSpecification","valueRequired":true,"valueName":"search_term_string"}}],"inLanguage":"sq"},{"@type":"Organization","@id":"https:\/\/kicevo.gov.mk\/#organization","name":"Opstina Kicevo","url":"https:\/\/kicevo.gov.mk\/","logo":{"@type":"ImageObject","inLanguage":"sq","@id":"https:\/\/kicevo.gov.mk\/#\/schema\/logo\/image\/","url":"https:\/\/kicevo.gov.mk\/wp-content\/uploads\/2025\/11\/logo-alb.png","contentUrl":"https:\/\/kicevo.gov.mk\/wp-content\/uploads\/2025\/11\/logo-alb.png","width":1200,"height":1592,"caption":"Opstina Kicevo"},"image":{"@id":"https:\/\/kicevo.gov.mk\/#\/schema\/logo\/image\/"}}]}},"uagb_featured_image_src":{"full":false,"thumbnail":false,"medium":false,"medium_large":false,"large":false,"1536x1536":false,"2048x2048":false,"vp_sm":false,"vp_md":false,"vp_lg":false,"vp_xl":false,"vp_sm_popup":false,"vp_md_popup":false,"vp_xl_popup":false},"uagb_author_info":{"display_name":"Marina","author_link":"https:\/\/kicevo.gov.mk\/sq\/author\/adminmsb\/"},"uagb_comment_info":0,"uagb_excerpt":"Person i autorizuar p\u00ebr paraqitje t\u00eb brendshme t\u00eb mbrojtur Darko Belevski darkobelevski@yahoo.com 075\/212-526 Komuna e K\u00ebr\u00e7ov\u00ebs Boris Kidri\u00e7 nr.2 6250 K\u00ebr\u00e7ov\u00eb, Maqedoni\u0430 \u0435 Veriut","_links":{"self":[{"href":"https:\/\/kicevo.gov.mk\/sq\/wp-json\/wp\/v2\/pages\/6965","targetHints":{"allow":["GET"]}}],"collection":[{"href":"https:\/\/kicevo.gov.mk\/sq\/wp-json\/wp\/v2\/pages"}],"about":[{"href":"https:\/\/kicevo.gov.mk\/sq\/wp-json\/wp\/v2\/types\/page"}],"author":[{"embeddable":true,"href":"https:\/\/kicevo.gov.mk\/sq\/wp-json\/wp\/v2\/users\/3"}],"replies":[{"embeddable":true,"href":"https:\/\/kicevo.gov.mk\/sq\/wp-json\/wp\/v2\/comments?post=6965"}],"version-history":[{"count":5,"href":"https:\/\/kicevo.gov.mk\/sq\/wp-json\/wp\/v2\/pages\/6965\/revisions"}],"predecessor-version":[{"id":18034,"href":"https:\/\/kicevo.gov.mk\/sq\/wp-json\/wp\/v2\/pages\/6965\/revisions\/18034"}],"wp:attachment":[{"href":"https:\/\/kicevo.gov.mk\/sq\/wp-json\/wp\/v2\/media?parent=6965"}],"curies":[{"name":"wp","href":"https:\/\/api.w.org\/{rel}","templated":true}]}}